{"id":7135,"date":"2016-09-16T08:49:47","date_gmt":"2016-09-16T08:49:47","guid":{"rendered":"http:\/\/www.intalent.udc.es\/descripcion-del-programa\/"},"modified":"2025-12-10T11:11:29","modified_gmt":"2025-12-10T10:11:29","slug":"descripcion-del-programa","status":"publish","type":"page","link":"https:\/\/www.intalent.udc.gal\/gl\/descripcion-del-programa\/","title":{"rendered":"DESCRICI\u00d3N DO PROGRAMA"},"content":{"rendered":"<p>[vc_row el_class=&#8221;p-140-cont pb-0&#8243; css=&#8221;.vc_custom_1440583825981{margin-bottom: 0px !important;}&#8221;][vc_column width=&#8221;1\/2&#8243;][vc_custom_heading text=&#8221;Reter excelencia investigadora en Galicia&#8221; font_container=&#8221;tag:h2|font_size:45px|text_align:left|line_height:1&#8243; google_fonts=&#8221;font_family:Lato%3A100%2C100italic%2C300%2C300italic%2Cregular%2Citalic%2C700%2C700italic%2C900%2C900italic|font_style:300%20light%20regular%3A300%3Anormal&#8221; cms_custom_headding_type=&#8221;heading-borderleft-textbold&#8221; css=&#8221;.vc_custom_1680016884902{margin-bottom: 0px !important;}&#8221;][\/vc_column][vc_column width=&#8221;1\/2&#8243;]<div id=\"ult-video-banner-209232382569f33a2889245\" class=\" ult-video-banner ult-vdo-effect ult-vdo-effect-style3 utl-video-banner-item ult-responsive\"  data-ultimate-target='#ult-video-banner-209232382569f33a2889245'  data-responsive-json-new='{\"width\":\"\"}'  data-current-time=\"0\" data-placeholder=\"https:\/\/www.intalent.udc.gal\/wp-content\/uploads\/2016\/09\/video-intalent-01.jpg\" style=\"background-image:url(https:\/\/www.intalent.udc.gal\/wp-content\/uploads\/2016\/09\/video-intalent-01.jpg);\"><video autoplay loop  poster=\"https:\/\/www.intalent.udc.gal\/wp-content\/uploads\/2016\/09\/video-intalent-01.jpg\"><source src=\"http:\/\/www.intalent.udc.es\/wp-content\/uploads\/2016\/11\/intalent_CASTELLANO.mp4\" type=\"video\/mp4\">Your browser does not support the video tag.<\/video><div class=\"ult-video-banner-desc\"><h2 class=\"ult-video-banner-title\" style=\"font-weight:normal;font-size:1px;color:rgba(255,255,255,0.01);line-height:10px;\">-<\/h2><div class=\"ult-video-banner-content\" style=\"font-weight:normal;line-height:0px;\">Ver video<\/div><\/div><div class=\"ult-video-banner-overlay\" data-overlay=\"\" data-overlay-hover=\"\"><\/div><\/div>[\/vc_column][\/vc_row][vc_row el_class=&#8221;p-140-cont pb-0&#8243; css=&#8221;.vc_custom_1440583825981{margin-bottom: 0px !important;}&#8221;][vc_column][vc_column_text]Intalent UDC- Inditex \u00e9 un programa de colaboraci\u00f3n entre a Universidade da Coru\u00f1a e Inditex co obxectivo de fomentar a <span style=\"color: #e42184;\">retenci\u00f3n e retorno de investigadores vinculados ou recentemente desvinculados da UDC e a captaci\u00f3n de investigadores nacionais ou estranxeiros<\/span>\u00a0que poidan conseguir financiamento competitivo internacional en materia de investigaci\u00f3n.[\/vc_column_text][\/vc_column][\/vc_row][vc_row el_class=&#8221;p-140-cont pb-0&#8243; css=&#8221;.vc_custom_1440583825981{margin-bottom: 0px !important;}&#8221;][vc_column width=&#8221;1\/4&#8243;][vc_custom_heading text=&#8221;Que ofrece|o programa?&#8221; font_container=&#8221;tag:h2|font_size:45px|text_align:left|line_height:1&#8243; google_fonts=&#8221;font_family:Lato%3A100%2C100italic%2C300%2C300italic%2Cregular%2Citalic%2C700%2C700italic%2C900%2C900italic|font_style:300%20light%20regular%3A300%3Anormal&#8221; cms_custom_headding_type=&#8221;heading-borderleft-textbold&#8221; css=&#8221;.vc_custom_1680017914242{margin-bottom: 0px !important;}&#8221;][\/vc_column][vc_column width=&#8221;3\/4&#8243;][vc_row_inner][vc_column_inner width=&#8221;1\/2&#8243;][vc_single_image image=&#8221;3714&#8243; img_size=&#8221;full&#8221; alignment=&#8221;center&#8221; vc_none_hover_effect=&#8221;&#8221;][vc_column_text]<\/p>\n<p style=\"text-align: center;\"><strong>Condici\u00f3ns econ\u00f3micas competitivas<br \/>\n(salario e axuda \u00e1 la investigaci\u00f3n)<\/strong><br \/>\n<span style=\"color: #e62686;\">Apoio espec\u00edfico de acordo con cada convocatoria e coa axuda de ciencia excelente obtida<\/span><\/p>\n<p>[\/vc_column_text][\/vc_column_inner][vc_column_inner width=&#8221;1\/2&#8243;][vc_single_image image=&#8221;3715&#8243; img_size=&#8221;full&#8221; alignment=&#8221;center&#8221; vc_none_hover_effect=&#8221;&#8221;][vc_column_text]<\/p>\n<p style=\"text-align: center;\"><strong>Asesoramento t\u00e9cnico<\/strong><br \/>\n<span style=\"color: #e62686;\">Preparaci\u00f3n propostas<\/span><br \/>\n<strong>Espazo<\/strong><br \/>\n<span style=\"color: #e62686;\">Instalaci\u00f3ns para a execuci\u00f3n do proxecto <\/span><\/p>\n<p>[\/vc_column_text][\/vc_column_inner][\/vc_row_inner][vc_empty_space][\/vc_column][\/vc_row][vc_row row_mask_bg=&#8221;&#8221; row_arrow=&#8221;&#8221; css=&#8221;.vc_custom_1475596101354{background-color: #efefef !important;}&#8221;][vc_column][vc_empty_space][vc_custom_heading text=&#8221;A quen|se dirixe?&#8221; font_container=&#8221;tag:h2|font_size:45px|text_align:left|line_height:1&#8243; google_fonts=&#8221;font_family:Lato%3A100%2C100italic%2C300%2C300italic%2Cregular%2Citalic%2C700%2C700italic%2C900%2C900italic|font_style:300%20light%20regular%3A300%3Anormal&#8221; cms_custom_headding_type=&#8221;heading-borderleft-textbold&#8221; css=&#8221;.vc_custom_1680017947980{margin-bottom: 0px !important;}&#8221;][vc_empty_space][vc_row_inner][vc_column_inner width=&#8221;1\/2&#8243;][vc_custom_heading text=&#8221;Investigadores de calquera nacionalidade con posesi\u00f3n de grao de doutor\/a&#8221; font_container=&#8221;tag:h4|font_size:22px|text_align:left|line_height:1&#8243; google_fonts=&#8221;font_family:Lato%3A100%2C100italic%2C300%2C300italic%2Cregular%2Citalic%2C700%2C700italic%2C900%2C900italic|font_style:300%20light%20regular%3A300%3Anormal&#8221; cms_custom_headding_type=&#8221;heading-borderleft-textbold&#8221; css=&#8221;.vc_custom_1680017128808{margin-bottom: 0px !important;}&#8221;][vc_custom_heading text=&#8221;Ser seleccionado\/a en a convocatoria de axudas Ram\u00f3n e Cajal da Axencia Estatal de Investigaci\u00f3n&#8221; font_container=&#8221;tag:h4|font_size:22px|text_align:left|line_height:1&#8243; google_fonts=&#8221;font_family:Lato%3A100%2C100italic%2C300%2C300italic%2Cregular%2Citalic%2C700%2C700italic%2C900%2C900italic|font_style:300%20light%20regular%3A300%3Anormal&#8221; cms_custom_headding_type=&#8221;heading-borderleft-textbold&#8221; css=&#8221;.vc_custom_1680017145500{margin-bottom: 0px !important;}&#8221;][vc_custom_heading text=&#8221;Inter\u00e9s en desarrollar su carrera investigadora en la UDC&#8221; font_container=&#8221;tag:h4|font_size:22px|text_align:left|line_height:1&#8243; google_fonts=&#8221;font_family:Lato%3A100%2C100italic%2C300%2C300italic%2Cregular%2Citalic%2C700%2C700italic%2C900%2C900italic|font_style:300%20light%20regular%3A300%3Anormal&#8221; cms_custom_headding_type=&#8221;heading-borderleft-textbold&#8221; css=&#8221;.vc_custom_1764766515109{margin-bottom: 0px !important;}&#8221;][\/vc_column_inner][vc_column_inner width=&#8221;1\/2&#8243;][vc_custom_heading text=&#8221;Traxectoria investigadora excelente nos \u00faltimos anos e capacidade para xerar co\u00f1ecemento novo.&#8221; font_container=&#8221;tag:h4|font_size:22px|text_align:left|line_height:1&#8243; google_fonts=&#8221;font_family:Lato%3A100%2C100italic%2C300%2C300italic%2Cregular%2Citalic%2C700%2C700italic%2C900%2C900italic|font_style:300%20light%20regular%3A300%3Anormal&#8221; cms_custom_headding_type=&#8221;heading-borderleft-textbold&#8221; css=&#8221;.vc_custom_1680017183617{margin-bottom: 0px !important;}&#8221;][vc_custom_heading text=&#8221;Potencial como investigador\/a independente con evidencias de madurez profesional, as\u00ed como mostras dunha prometedora proxecci\u00f3n na s\u00faa carreira cient\u00edfica&#8221; font_container=&#8221;tag:h4|font_size:22px|text_align:left|line_height:1&#8243; google_fonts=&#8221;font_family:Lato%3A100%2C100italic%2C300%2C300italic%2Cregular%2Citalic%2C700%2C700italic%2C900%2C900italic|font_style:300%20light%20regular%3A300%3Anormal&#8221; cms_custom_headding_type=&#8221;heading-borderleft-textbold&#8221; css=&#8221;.vc_custom_1680017201985{margin-bottom: 0px !important;}&#8221;][vc_custom_heading text=&#8221;Capacidad e inter\u00e9s en participar en convocatorias internacionales competitivas de investigaci\u00f3n, especialmente del programa marco Horizon Europe&#8221; font_container=&#8221;tag:h4|font_size:22px|text_align:left|line_height:1&#8243; google_fonts=&#8221;font_family:Lato%3A100%2C100italic%2C300%2C300italic%2Cregular%2Citalic%2C700%2C700italic%2C900%2C900italic|font_style:300%20light%20regular%3A300%3Anormal&#8221; cms_custom_headding_type=&#8221;heading-borderleft-textbold&#8221; css=&#8221;.vc_custom_1764242521756{margin-bottom: 0px !important;}&#8221;][\/vc_column_inner][\/vc_row_inner][vc_empty_space][\/vc_column][\/vc_row][vc_row row_mask_bg=&#8221;&#8221; row_arrow=&#8221;&#8221;][vc_column width=&#8221;1\/6&#8243;][\/vc_column][vc_column width=&#8221;2\/3&#8243;][vc_empty_space][vc_column_text]<\/p>\n<h2 style=\"text-align: center;\">Oportunidades<\/h2>\n<p>[\/vc_column_text][vc_row_inner][vc_column_inner width=&#8221;1\/3&#8243;][vc_single_image image=&#8221;3874&#8243; img_size=&#8221;full&#8221; alignment=&#8221;center&#8221; vc_none_hover_effect=&#8221;&#8221;][vc_column_text]<\/p>\n<h4 style=\"text-align: center;\"><span style=\"color: #e62686;\">Cient\u00edfica<\/span><\/h4>\n<ul class=\"rss\">\n<li>Amplo ecosistema<\/li>\n<li>Independencia investigadora<\/li>\n<li>Infraestructuras adecuadas<\/li>\n<\/ul>\n<p>[\/vc_column_text][\/vc_column_inner][vc_column_inner width=&#8221;1\/3&#8243;][vc_single_image image=&#8221;3875&#8243; img_size=&#8221;full&#8221; alignment=&#8221;center&#8221; vc_none_hover_effect=&#8221;&#8221;][vc_column_text]<\/p>\n<h4 style=\"text-align: center;\"><span style=\"color: #e62686;\">Social<\/span><\/h4>\n<ul class=\"rss\">\n<li>Enclave acolledor<\/li>\n<li>Clima agradable<\/li>\n<li>Ampla oferta cultural<\/li>\n<\/ul>\n<p>[\/vc_column_text][\/vc_column_inner][vc_column_inner width=&#8221;1\/3&#8243;][vc_single_image image=&#8221;3876&#8243; img_size=&#8221;full&#8221; alignment=&#8221;center&#8221; vc_none_hover_effect=&#8221;&#8221;][vc_column_text]<\/p>\n<h4 style=\"text-align: center;\"><span style=\"color: #e62686;\">Econ\u00f3mica<\/span><\/h4>\n<ul class=\"rss\">\n<li>Eficiencia en recursos<\/li>\n<li>Apoio na procura de financiamento<\/li>\n<\/ul>\n<p>[\/vc_column_text][\/vc_column_inner][\/vc_row_inner][vc_empty_space][\/vc_column][vc_column width=&#8221;1\/6&#8243;][\/vc_column][\/vc_row][vc_row row_mask_bg=&#8221;&#8221; row_arrow=&#8221;&#8221; el_class=&#8221;p-140-cont pb-0&#8243; css=&#8221;.vc_custom_1475596519780{margin-bottom: 0px !important;background-color: #efefef !important;}&#8221;][vc_column width=&#8221;1\/3&#8243;][vc_custom_heading text=&#8221;\u00c1reas|destacadas&#8221; font_container=&#8221;tag:h2|font_size:45px|text_align:left|line_height:1&#8243; google_fonts=&#8221;font_family:Lato%3A100%2C100italic%2C300%2C300italic%2Cregular%2Citalic%2C700%2C700italic%2C900%2C900italic|font_style:300%20light%20regular%3A300%3Anormal&#8221; cms_custom_headding_type=&#8221;heading-borderleft-textbold&#8221; css=&#8221;.vc_custom_1680017960147{margin-bottom: 0px !important;}&#8221;][vc_empty_space height=&#8221;15px&#8221;][\/vc_column][vc_column width=&#8221;1\/3&#8243;][vc_column_text]<\/p>\n<ul class=\"rss\">\n<li>TIC<\/li>\n<li>Industrial<\/li>\n<li>Ciencias experimentais<\/li>\n<li>Innovaci\u00f3n social<\/li>\n<\/ul>\n<p>[\/vc_column_text][\/vc_column][vc_column width=&#8221;1\/3&#8243;][vc_column_text]<\/p>\n<ul class=\"rss\">\n<li>Enxe\u00f1er\u00eda<\/li>\n<li>Construci\u00f3n civil<\/li>\n<li>Sa\u00fade<\/li>\n<li>Humanidades<\/li>\n<\/ul>\n<p>[\/vc_column_text][vc_empty_space height=&#8221;15px&#8221;][\/vc_column][\/vc_row][vc_row row_mask_bg=&#8221;&#8221; row_arrow=&#8221;&#8221; el_class=&#8221;p-140-cont pb-0&#8243; css=&#8221;.vc_custom_1475596584911{margin-bottom: 40px !important;}&#8221;][vc_column][vc_column_text]<\/p>\n<h2 style=\"text-align: center;\">Promotores<\/h2>\n<p>[\/vc_column_text][\/vc_column][\/vc_row][vc_row row_mask_bg=&#8221;&#8221; row_arrow=&#8221;&#8221; el_class=&#8221;p-140-cont pb-0&#8243; css=&#8221;.vc_custom_1475596505918{margin-bottom: 40px !important;background-color: #efefef !important;}&#8221;][vc_column][vc_row_inner cms_row_inner_overflow=&#8221;&#8221; css=&#8221;.vc_custom_1474638127606{background-color: #efefef !important;}&#8221;][vc_column_inner width=&#8221;1\/2&#8243;][vc_empty_space height=&#8221;15px&#8221;][vc_single_image image=&#8221;3541&#8243; img_size=&#8221;full&#8221; alignment=&#8221;center&#8221; onclick=&#8221;custom_link&#8221; img_link_target=&#8221;_blank&#8221; vc_none_hover_effect=&#8221;&#8221; link=&#8221;http:\/\/www.udc.es&#8221;][vc_column_text]A UDC ten como finalidade contribu\u00edr ao avance cultural, social e econ\u00f3mico da sociedade mediante a xeraci\u00f3n, xesti\u00f3n e difusi\u00f3n da cultural e o co\u00f1ecemento cient\u00edfico, tecnol\u00f3xico e profesional. A UDC enmarca esta iniciativa dentro do seu prop\u00f3sito de executar acci\u00f3ns concretas destinadas a apoiar a investigadores procedentes de calquera parte do mundo para desenvolver aqu\u00ed as s\u00faas carreiras cient\u00edficas.[\/vc_column_text][\/vc_column_inner][vc_column_inner width=&#8221;1\/2&#8243;][vc_empty_space height=&#8221;15px&#8221;][vc_single_image image=&#8221;3542&#8243; img_size=&#8221;width: 150px; height: 27px;&#8221; alignment=&#8221;center&#8221; onclick=&#8221;custom_link&#8221; img_link_target=&#8221;_blank&#8221; vc_none_hover_effect=&#8221;&#8221; link=&#8221;http:\/\/www.inditex.com\/es\/home&#8221;][vc_column_text]Inditex ven apoiando nos \u00faltimos anos \u00e1s instituci\u00f3ns de educaci\u00f3n superior, sendo o seu compromiso coa UDC unha dos seus acenos de identidade. \u00c9 por iso que est\u00e1 interesada en apoiar acci\u00f3ns encami\u00f1adas ao <span style=\"color: #e62686;\">desenvolvemento de proxectos en materia de investigaci\u00f3n e transparencia<\/span> para ampliar, renovar e modernizar os sistemas de ensino superior, as\u00ed como na posta en valor da s\u00faa dimensi\u00f3n emprendedora en beneficio da sociedade.[\/vc_column_text][vc_empty_space][\/vc_column_inner][\/vc_row_inner][\/vc_column][\/vc_row][vc_row row_mask_bg=&#8221;&#8221; row_arrow=&#8221;&#8221; el_class=&#8221;pt-80-b-50-cont&#8221; css=&#8221;.vc_custom_1474041011359{margin-top: 40px !important;background-color: #b1b3b4 !important;}&#8221;][vc_column width=&#8221;1\/2&#8243; css=&#8221;.vc_custom_1440860401285{padding-bottom: 30px !important;}&#8221; offset=&#8221;vc_col-lg-9 vc_col-md-9&#8243;][vc_column_text css=&#8221;.vc_custom_1680017573604{margin-bottom: 0px !important;}&#8221;]<\/p>\n<div class=\"post-container\">\n<div class=\"post-thumb\"><img loading=\"lazy\" decoding=\"async\" src=\"https:\/\/www.intalent.udc.es\/wp-content\/uploads\/2016\/09\/assets-08.png\" width=\"60\" height=\"64\" \/><\/div>\n<p><span style=\"color: #e42184; font-weight: bold; font-size: 16px;\">Xuntos cara ao progreso<\/span><\/p>\n<p><span style=\"color: #ffffff; font-size: 14px;\">Unha universidade moderna que traballa pola excelencia cient\u00edfica<\/span><\/p>\n<\/div>\n<p>[\/vc_column_text][\/vc_column][vc_column width=&#8221;1\/2&#8243; css=&#8221;.vc_custom_1474040970653{margin-top: 7px !important;padding-bottom: 30px !important;}&#8221; offset=&#8221;vc_col-lg-3 vc_col-md-3&#8243;][vc_btn title=&#8221;Solicitar&#8221; color=&#8221;teal&#8221; align=&#8221;center&#8221; link=&#8221;url:http%3A%2F%2Fwww.intalent.udc.es%2Findex.php%2Fsolicitudes%2F|||&#8221; el_class=&#8221;.rosabuttom&#8221;][\/vc_column][\/vc_row]<\/p>\n","protected":false},"excerpt":{"rendered":"<p>[vc_row el_class=&#8221;p-140-cont pb-0&#8243; css=&#8221;.vc_custom_1440583825981{margin-bottom: 0px !important;}&#8221;][vc_column width=&#8221;1\/2&#8243;][vc_custom_heading text=&#8221;Reter excelencia investigadora en Galicia&#8221; font_container=&#8221;tag:h2|font_size:45px|text_align:left|line_height:1&#8243; google_fonts=&#8221;font_family:Lato%3A100%2C100italic%2C300%2C300italic%2Cregular%2Citalic%2C700%2C700italic%2C900%2C900italic|font_style:300%20light%20regular%3A300%3Anormal&#8221; cms_custom_headding_type=&#8221;heading-borderleft-textbold&#8221; css=&#8221;.vc_custom_1680016884902{margin-bottom: 0px !important;}&#8221;][\/vc_column][vc_column width=&#8221;1\/2&#8243;][\/vc_column][\/vc_row][vc_row el_class=&#8221;p-140-cont pb-0&#8243; css=&#8221;.vc_custom_1440583825981{margin-bottom: 0px !important;}&#8221;][vc_column][vc_column_text]Intalent UDC-<\/p>\n","protected":false},"author":1,"featured_media":0,"parent":0,"menu_order":0,"comment_status":"closed","ping_status":"closed","template":"","meta":{"footnotes":""},"_links":{"self":[{"href":"https:\/\/www.intalent.udc.gal\/gl\/wp-json\/wp\/v2\/pages\/7135"}],"collection":[{"href":"https:\/\/www.intalent.udc.gal\/gl\/wp-json\/wp\/v2\/pages"}],"about":[{"href":"https:\/\/www.intalent.udc.gal\/gl\/wp-json\/wp\/v2\/types\/page"}],"author":[{"embeddable":true,"href":"https:\/\/www.intalent.udc.gal\/gl\/wp-json\/wp\/v2\/users\/1"}],"replies":[{"embeddable":true,"href":"https:\/\/www.intalent.udc.gal\/gl\/wp-json\/wp\/v2\/comments?post=7135"}],"version-history":[{"count":10,"href":"https:\/\/www.intalent.udc.gal\/gl\/wp-json\/wp\/v2\/pages\/7135\/revisions"}],"predecessor-version":[{"id":9833,"href":"https:\/\/www.intalent.udc.gal\/gl\/wp-json\/wp\/v2\/pages\/7135\/revisions\/9833"}],"wp:attachment":[{"href":"https:\/\/www.intalent.udc.gal\/gl\/wp-json\/wp\/v2\/media?parent=7135"}],"curies":[{"name":"wp","href":"https:\/\/api.w.org\/{rel}","templated":true}]}}